{"id":301,"date":"2023-04-04T00:55:27","date_gmt":"2023-04-03T20:55:27","guid":{"rendered":"https:\/\/samyloc.re\/?page_id=301"},"modified":"2023-11-24T18:45:26","modified_gmt":"2023-11-24T14:45:26","slug":"politique-de-confidentialite-samyloc-re","status":"publish","type":"page","link":"https:\/\/samyloc.re\/index.php\/politique-de-confidentialite-samyloc-re\/","title":{"rendered":"Politique de confidentialit\u00e9 samyloc.re"},"content":{"rendered":"<h2 class=\"s9\" style=\"text-align: left;\">ARTICLE<span class=\"s8\"> 1: PR\u00c9AMBULE \u00a0<\/span><\/h2>\n<p><span class=\"s8\">La pr\u00e9sente politique de confidentialit\u00e9 a pour but d\u2019informer les utilisateurs du site:<\/span><\/p>\n<ul>\n<li><span class=\"s8\">Sur la mani\u00e8re dont sont collect\u00e9es leurs donn\u00e9es personnelles. Sont consid\u00e9r\u00e9es comme des donn\u00e9es personnelles, toute information permettant d\u2019identifier un utilisateur. A ce titre, il peut s\u2019agir : de ses noms et pr\u00e9noms, de son \u00e2ge, de son adresse postale ou email, de sa localisation ou encore de son adresse IP (liste non-exhaustive);<\/span><\/li>\n<li><span style=\"font-size: 1rem;\">Sur les droits dont ils disposent concernant ces donn\u00e9es;<\/span><\/li>\n<li><span style=\"font-size: 1rem;\">Sur la personne responsable du traitement des donn\u00e9es \u00e0 caract\u00e8re personnel collect\u00e9es et trait\u00e9es;<\/span><\/li>\n<li><span style=\"font-size: 1rem;\">Sur les destinataires de ces donn\u00e9es personnelles;<\/span><\/li>\n<li><span style=\"font-size: 1rem;\">Sur la politique du site en mati\u00e8re de cookies.<\/span><\/li>\n<\/ul>\n<p><span style=\"font-size: 1rem;\">Cette politique compl\u00e8te les mentions l\u00e9gales et les Conditions G\u00e9n\u00e9rales\u00a0<\/span><span style=\"font-size: 1rem;\">de Location consultables par les utilisateurs \u00e0 l\u2019adresse suivante :<br \/>\n<\/span><\/p>\n<blockquote class=\"wp-embedded-content\" data-secret=\"3ESbQklo89\"><p><a href=\"https:\/\/samyloc.re\/index.php\/conditions-generales-de-location\/\">Conditions G\u00e9n\u00e9rales de Location<\/a><\/p><\/blockquote>\n<p><iframe class=\"wp-embedded-content\" sandbox=\"allow-scripts\" security=\"restricted\" style=\"position: absolute; clip: rect(1px, 1px, 1px, 1px);\" title=\"\u00ab\u00a0Conditions G\u00e9n\u00e9rales de Location\u00a0\u00bb &#8212; Samy Loc 974\" src=\"https:\/\/samyloc.re\/index.php\/conditions-generales-de-location\/embed\/#?secret=JsC9VfAsYl#?secret=3ESbQklo89\" data-secret=\"3ESbQklo89\" width=\"525\" height=\"296\" frameborder=\"0\" marginwidth=\"0\" marginheight=\"0\" scrolling=\"no\"><\/iframe><\/p>\n<h2 class=\"s9\"><span class=\"s8\">ARTICLE 2: PRINCIPES RELATIFS \u00c0 LA COLLECTE ET AU TRAITEMENT DES DONN\u00c9ES PERSONNELLES<\/span><\/h2>\n<p><span class=\"s8\">Conform\u00e9ment \u00e0 l\u2019article 5 du R\u00e8glement europ\u00e9en 2016\/679, les donn\u00e9es \u00e0 caract\u00e8re personnel sont:<\/span><\/p>\n<ul>\n<li><span class=\"s8\">Trait\u00e9es de mani\u00e8re licite, loyale et transparente au regard de la personne <\/span><span class=\"s8\">concern\u00e9e;<\/span><\/li>\n<li><span style=\"font-size: 1rem;\">Collect\u00e9es pour des finalit\u00e9s d\u00e9termin\u00e9es (cf. Article 3.1 des pr\u00e9sentes), explicites et l\u00e9gitimes, et ne pas \u00eatre trait\u00e9es ult\u00e9rieurement d&#8217;une mani\u00e8re incompatible avec ces finalit\u00e9s;<\/span><\/li>\n<li><span style=\"font-size: 1rem;\">Ad\u00e9quates, pertinentes et limit\u00e9es \u00e0 ce qui est n\u00e9cessaire au regard des finalit\u00e9s pour lesquelles elles sont trait\u00e9es;<\/span><\/li>\n<li><span style=\"font-size: 1rem;\">Exactes et, si n\u00e9cessaire, tenues \u00e0 jour. Toutes les mesures raisonnables doivent \u00eatre prises pour que les donn\u00e9es \u00e0 caract\u00e8re personnel qui sont inexactes, eu \u00e9gard aux finalit\u00e9s pour lesquelles elles sont trait\u00e9es, soient effac\u00e9es ou rectifi\u00e9es sans tarder;<\/span><\/li>\n<li><span style=\"font-size: 1rem;\">Conserv\u00e9es sous une forme permettant l&#8217;identification des personnes concern\u00e9es pendant une dur\u00e9e n&#8217;exc\u00e9dant pas celle n\u00e9cessaire au regard des finalit\u00e9s pour lesquelles elles sont trait\u00e9es;<\/span><\/li>\n<li><span style=\"font-size: 1rem;\">Trait\u00e9es de fa\u00e7on \u00e0 garantir une s\u00e9curit\u00e9 appropri\u00e9e des donn\u00e9es collect\u00e9es, y compris la protection contre le traitement non autoris\u00e9 ou illicite et contre la perte, la destruction ou les d\u00e9g\u00e2ts d&#8217;origine accidentelle, \u00e0 l&#8217;aide de mesures techniques ou organisationnelles appropri\u00e9es.<\/span><\/li>\n<\/ul>\n<p><span class=\"s8\">Le traitement n&#8217;est licite que si, et dans la mesure o\u00f9, au moins une des conditions suivantes est remplie :<\/span><\/p>\n<ul>\n<li><span class=\"s8\">La personne concern\u00e9e a consenti au traitement de ses donn\u00e9es \u00e0 caract\u00e8re personnel pour une ou plusieurs finalit\u00e9s sp\u00e9cifiques;<\/span><\/li>\n<li><span style=\"font-size: 1rem;\">Le traitement est n\u00e9cessaire \u00e0 l&#8217;ex\u00e9cution d&#8217;un contrat auquel la personne concern\u00e9e est partie ou \u00e0 l&#8217;ex\u00e9cution de mesures pr\u00e9contractuelles prises \u00e0 la demande de celle-ci;<\/span><\/li>\n<li><span style=\"font-size: 1rem;\">Le traitement est n\u00e9cessaire au respect d&#8217;une obligation l\u00e9gale \u00e0 laquelle le responsable du traitement est soumis;<\/span><\/li>\n<li><span style=\"font-size: 1rem;\">Le traitement est n\u00e9cessaire \u00e0 la sauvegarde des int\u00e9r\u00eats vitaux de la personne concern\u00e9e ou d&#8217;une autre personne physique;<\/span><\/li>\n<li><span style=\"font-size: 1rem;\">Le traitement est n\u00e9cessaire \u00e0 l&#8217;ex\u00e9cution d&#8217;une mission d&#8217;int\u00e9r\u00eat public ou relevant de l&#8217;exercice de l&#8217;autorit\u00e9 publique dont est investi le responsable du traitement;<\/span><\/li>\n<li><span style=\"font-size: 1rem;\">Le traitement est n\u00e9cessaire aux fins des int\u00e9r\u00eats l\u00e9gitimes poursuivis par le responsable du traitement ou par un tiers, \u00e0 moins que ne pr\u00e9valent les int\u00e9r\u00eats ou les libert\u00e9s et droits fondamentaux de la personne concern\u00e9e qui exigent une protection des donn\u00e9es \u00e0 caract\u00e8re personnel, notamment lorsque la personne concern\u00e9e est un enfant.<\/span><\/li>\n<\/ul>\n<h2 class=\"s9\"><span class=\"s8\">ARTICLE 3: DONN\u00c9ES \u00c0 CARACT\u00c8RE PERSONNEL COLLECT\u00c9ES ET TRAIT\u00c9ES DANS LE CADRE DE LA NAVIGATION SUR LE SITE<\/span><\/h2>\n<h3><span class=\"s16\">Article 3.1: Donn\u00e9es collect\u00e9es<\/span><\/h3>\n<p><span class=\"s8\">Les donn\u00e9es personnelles collect\u00e9es dans le cadre de notre activit\u00e9 sont les suivantes : votre nom, votre pr\u00e9nom, votre \u00e2ge, votre adresse \u00e9lectronique, votre num\u00e9ro de t\u00e9l\u00e9phone.<\/span><\/p>\n<p>Vos coordonn\u00e9es ne seront jamais r\u00e9utilis\u00e9es \u00e0 d\u2019autres fins que la mise en relation avec nos services.<\/p>\n<p><span style=\"font-size: 1rem;\">Ce traitement est n\u00e9cessaire pour permettre la r\u00e9servation et l\u2019ex\u00e9cution du contrat de location.<\/span><\/p>\n<p><span class=\"s8\">La collecte et le traitement de ces donn\u00e9es r\u00e9pond \u00e0 la (aux) finalit\u00e9(s) suivante(s) :<\/span><\/p>\n<ul>\n<li><span style=\"font-size: 1rem;\">Adresser des devis<br \/>\nG\u00e9rer votre location (modification, annulation, r\u00e9cup\u00e9ration et restitution du v\u00e9hicule)<\/span><\/li>\n<li><span style=\"font-size: 1rem;\">\u00c9changer avec vous concernant votre r\u00e9servation et votre location<\/span><\/li>\n<li><span style=\"font-size: 1rem;\">G\u00e9rer votre assurance<\/span><\/li>\n<li><span style=\"font-size: 1rem;\">G\u00e9rer vos factures et le recouvrement de sommes dues<\/span><\/li>\n<li><span style=\"font-size: 1rem;\">G\u00e9rer les potentielles r\u00e9clamations<\/span><\/li>\n<li><span style=\"font-size: 1rem;\">G\u00e9rer le recouvrement potentiel d\u2019indemnit\u00e9s en cas de dommages caus\u00e9s au v\u00e9hicule<\/span><\/li>\n<\/ul>\n<h3><span class=\"s16\">Article 3.2: Mode de collecte des donn\u00e9es <\/span><\/h3>\n<p><span class=\"s8\">Lorsque vous utilisez notre site, sont automatiquement collect\u00e9es les donn\u00e9es suivantes: des informations concernant l\u2019utilisation de notre site, comme les zones que vous visitez et les services auxquels vous acc\u00e9dez, votre adresse IP, le type de votre navigateur, vos temps d\u2019acc\u00e8s.<\/span><\/p>\n<p><span class=\"s8\">D\u2019autres donn\u00e9es personnelles sont collect\u00e9es lorsque vous effectuez les op\u00e9rations ci-apr\u00e8s sur la plateforme:\u00a0votre nom, votre pr\u00e9nom, votre \u00e2ge, votre adresse \u00e9lectronique, votre num\u00e9ro de t\u00e9l\u00e9phone. Tel est le cas lorsque vous remplissez le formulaire qui vous est propos\u00e9 en ligne, dans la rubrique \u00ab contact \u00bb ou lors d\u2019une r\u00e9servation ou d\u2019une demande de devis.<\/span><\/p>\n<p><span class=\"s8\">Elles sont conserv\u00e9es par le responsable du traitement dans des conditions raisonnables de s\u00e9curit\u00e9, uniquement le temps n\u00e9cessaire pour les finalit\u00e9s poursuivies, \u00e0 savoir les fins pour lesquelles elles ont initialement \u00e9t\u00e9 collect\u00e9es.<\/span><\/p>\n<p><span class=\"s8\">La soci\u00e9t\u00e9 est susceptible de conserver certaines donn\u00e9es \u00e0 caract\u00e8re personnel au-del\u00e0 des d\u00e9lais annonc\u00e9s ci-dessus afin de remplir ses obligations l\u00e9gales ou r\u00e9glementaires.<\/span><\/p>\n<h3><span class=\"s16\">Article 3.3: H\u00e9bergement des donn\u00e9es <\/span><\/h3>\n<p><span class=\"s8\">Le site samyloc.re\u00a0<\/span><span class=\"s8\">est h\u00e9berg\u00e9 par :<br \/>\n<\/span><span style=\"font-size: 1rem;\">HOSTINGER, UAB<\/span><\/p>\n<p><span class=\"s10\">Adresse du si\u00e8ge social:<br \/>\n<\/span>Rue Jonavos 60C<br \/>\nKaunas 44192 Lituanie<\/p>\n<p><span class=\"s10\">Contact:<br \/>\n<\/span>T\u00e9l\u00e9phone : <u><a class=\"link\" href=\"tel:+37064503378\">+37064503378<\/a><\/u><span style=\"font-size: 1rem;\"><br \/>\nEmail : <\/span><u style=\"font-size: 1rem;\"><a class=\"link\" style=\"font-size: 1rem;\" href=\"mailto:domains@hostinger.com\">domains@hostinger.com<\/a><\/u><\/p>\n<h3><span class=\"s16\">Article 3.4: Politique en mati\u00e8re de \u201ccookies\u201d<\/span><\/h3>\n<p>En continuant \u00e0 naviguer sur ce site, vous agr\u00e9ez \u00e0 l\u2019utilisation de cookies en vue de:<\/p>\n<ul>\n<li><b>Usage du site:<\/b> pour nous aider \u00e0 reconna\u00eetre votre navigateur comme celui d\u2019un visiteur pr\u00e9c\u00e9dent et pour enregistrer les pr\u00e9f\u00e9rences que vous avez d\u00e9termin\u00e9es lors de votre pr\u00e9c\u00e9dente visite sur le Site. Par exemple, nous pouvons enregistrer vos informations de connexion de sorte que vous n\u2019ayez pas \u00e0 vous connecter \u00e0 chaque fois que vous visitez le Site ;<\/li>\n<li><b>Mesure d\u2019audience:<\/b> pour suivre les donn\u00e9es statistiques de fr\u00e9quentation du Site (soit l\u2019utilisation faite du Site par les utilisateurs et pour am\u00e9liorer les services du Site)<\/li>\n<li><strong>Partage de donn\u00e9es: <\/strong><span style=\"font-size: 1rem;\">pour cr\u00e9er vos profils sur plusieurs sites web.<\/span><\/li>\n<\/ul>\n<div id=\"hu-cookies-preferences-categories-1-1\" class=\"hu-text-content\"><\/div>\n<h2 class=\"s9\"><span class=\"s8\">ARTICLE 4: RESPONSABLE DU TRAITEMENT DES DONN\u00c9ES ET D\u00c9L\u00c9GU\u00c9 \u00c0 LA PROTECTION DES DONN\u00c9ES<\/span><\/h2>\n<h3><span class=\"s16\">Article 4.1: Le responsable du traitement des donn\u00e9es<\/span><\/h3>\n<p><span class=\"s8\">Les donn\u00e9es \u00e0 caract\u00e8re personnelles sont collect\u00e9es par Samy Loc 974<\/span><span class=\"s8\">, Entreprise Individuelle\u00a0<\/span><span class=\"s8\">au capital de 14000\u20ac<\/span><span class=\"s8\">, dont le num\u00e9ro d\u2019immatriculation est le <\/span><span class=\"s8\">A 352\u00a0675\u00a0128.<\/span><\/p>\n<p><span class=\"s8\">Le responsable du traitement des donn\u00e9es \u00e0 caract\u00e8re personnel peut \u00eatre contact\u00e9 de la mani\u00e8re suivante : \u00a0<\/span><\/p>\n<p><span class=\"s8\">Par courrier \u00e0 l\u2019adresse <\/span><span class=\"s8\">:<br \/>\n<\/span><span class=\"s8\">815 chemin Fantaisie<\/span><span class=\"s8\"><br \/>\n97440 Saint-Andr\u00e9<\/span><\/p>\n<p><span class=\"s8\">Par t\u00e9l\u00e9phone, au +262 692 45 94 64<\/span><span class=\"s8\">\u00a0; \u00a0<\/span><\/p>\n<p><span class=\"s8\">Par mail : contact@samyloc.re.<\/span><\/p>\n<h3><span class=\"s16\">Article 4.2 : Le d\u00e9l\u00e9gu\u00e9 \u00e0 la protection des donn\u00e9es <\/span><\/h3>\n<p class=\"s9\"><span class=\"s10\">La d\u00e9signation d&#8217;un D\u00e9l\u00e9gu\u00e9 est\u00a0obligatoire pour:<\/span><\/p>\n<ul>\n<li class=\"s9\">Les\u00a0autorit\u00e9s et organismes publics\u00a0(par exemple, les minist\u00e8res, collectivit\u00e9s territoriales, \u00e9tablissements publics)<\/li>\n<li class=\"s9\">Les organismes dont les activit\u00e9s de base les am\u00e8nent \u00e0 r\u00e9aliser un\u00a0suivi r\u00e9gulier et syst\u00e9matique des personnes \u00e0 grande \u00e9chelle.<strong>\u00a0<\/strong>Par exemple : les compagnies d&#8217;assurance ou les banques pour leurs fichiers clients, les op\u00e9rateurs t\u00e9l\u00e9phoniques ou les fournisseurs d&#8217;acc\u00e8s internet.<\/li>\n<li class=\"s9\">Les organismes dont les activit\u00e9s de base les am\u00e8nent \u00e0\u00a0traiter \u00e0 grande \u00e9chelle des donn\u00e9es dites &#8220;sensibles&#8221;\u00a0(donn\u00e9es biom\u00e9triques, g\u00e9n\u00e9tiques, relatives \u00e0 la sant\u00e9, la vie sexuelle, l&#8217;origine raciale ou ethnique, les opinions politiques, les convictions religieuses ou philosophiques ou l&#8217;appartenance syndicale) ou\u00a0relatives \u00e0 des condamnations p\u00e9nales et infractions.<\/li>\n<\/ul>\n<p><span class=\"s8\">Par cons\u00e9quent, Samy Loc 974 n\u2019a pas de d\u00e9l\u00e9gu\u00e9 \u00e0 la protection des donn\u00e9es.<\/span><\/p>\n<p><span class=\"s8\">Si vous estimez, apr\u00e8s nous avoir contact\u00e9s, que vos droits \u201cInformatique et Libert\u00e9s\u201d, ne sont pas respect\u00e9s, vous pouvez adresser une information \u00e0 la CNIL.<\/span><\/p>\n<h2 class=\"s9\"><span class=\"s8\">ARTICLE 5: LES DROITS DE L\u2019UTILISATEUR EN MATI\u00c8RE DE COLLECTE ET DE TRAITEMENT DES DONN\u00c9ES<\/span><\/h2>\n<p><span class=\"s8\">Tout utilisateur concern\u00e9 par le traitement de ses donn\u00e9es personnelles peut se pr\u00e9valoir des droits suivants, en application du r\u00e8glement europ\u00e9en 2016\/679 et de la Loi Informatique et Libert\u00e9 (Loi 78-17 du 6 janvier 1978):<\/span><\/p>\n<ul>\n<li><span class=\"s8\">Droit d\u2019acc\u00e8s, de rectification et droit \u00e0 l\u2019effacement des donn\u00e9es (pos\u00e9s respectivement aux articles 15, 16 et 17 du RGPD) ;<\/span><\/li>\n<li><span style=\"font-size: 1rem;\">Droit \u00e0 la portabilit\u00e9 des donn\u00e9es (article 20 du RGPD) ;<\/span><\/li>\n<li><span style=\"font-size: 1rem;\">Droit \u00e0 la limitation (article 18 du RGPD) et \u00e0 l\u2019opposition du traitement des donn\u00e9es (article 21 du RGPD) ;<\/span><\/li>\n<li><span style=\"font-size: 1rem;\">Droit de ne pas faire l\u2019objet d\u2019une d\u00e9cision fond\u00e9e exclusivement sur un proc\u00e9d\u00e9 automatis\u00e9 ;<\/span><\/li>\n<li><span style=\"font-size: 1rem;\">Droit de d\u00e9terminer le sort des donn\u00e9es apr\u00e8s la mort ;<\/span><\/li>\n<li><span style=\"font-size: 1rem;\">Droit de saisir l\u2019autorit\u00e9 de contr\u00f4le comp\u00e9tente (article 77 du RGPD). \u00a0<\/span><\/li>\n<\/ul>\n<p><span class=\"s8\">Pour exercer vos droits, veuillez adresser votre courrier \u00e0 Samy Loc 974, 815 chemin Fantaisie, 97440 Saint-Andr\u00e9<\/span><span class=\"s8\">\u00a0ou par mail \u00e0 contact@samyloc.re.<\/span><\/p>\n<p><span class=\"s8\">Afin que le responsable du traitement des donn\u00e9es puisse faire droit \u00e0 sa demande, l\u2019utilisateur peut \u00eatre tenu de lui communiquer certaines informations telles que : ses noms et pr\u00e9noms, son adresse <\/span><span class=\"s8\">e-mail<\/span><span class=\"s8\"> ainsi que son num\u00e9ro de compte, d\u2019espace personnel ou d\u2019abonn\u00e9. \u00a0<\/span><\/p>\n<p><span class=\"s8\">Consultez le site cnil.fr pour plus d\u2019informations sur vos droits.<\/span><\/p>\n<h2 class=\"s9\"><span class=\"s16\">ARTICLE 6: CONDITIONS DE MODIFICATION DE LA POLITIQUE DE CONFIDENTIALIT\u00c9<\/span><\/h2>\n<p><span class=\"s8\">L\u2019\u00e9diteur du site Samy Loc 974\u00a0<\/span><span class=\"s8\">se r\u00e9serve le droit de pouvoir modifier la pr\u00e9sente Politique \u00e0 tout moment afin d\u2019assurer aux utilisateurs du site sa conformit\u00e9 avec le droit en vigueur. \u00a0<\/span><\/p>\n<p><span class=\"s8\">Les \u00e9ventuelles modifications ne sauraient avoir d\u2019incidence sur les achats ant\u00e9rieurement effectu\u00e9s sur le site, lesquels restent soumis \u00e0 la Politique en vigueur au moment de l\u2019achat et telle qu\u2019accept\u00e9e par l\u2019utilisateur lors de la validation de l\u2019achat. \u00a0<\/span><\/p>\n<p><span class=\"s8\">L\u2019utilisateur est invit\u00e9 \u00e0 prendre connaissance de cette Politique \u00e0 chaque fois qu\u2019il utilise nos services, sans qu\u2019il soit n\u00e9cessaire de l\u2019en pr\u00e9venir formellement. \u00a0<\/span><\/p>\n<p><span class=\"s8\">La pr\u00e9sente politique, \u00e9dit\u00e9e le 04 Avril 2023<\/span><span class=\"s8\">, a \u00e9t\u00e9 mise \u00e0 jour le 23 Avril 2023<\/span><span class=\"s8\">.<\/span><\/p>\n<p>&nbsp;<\/p>\n","protected":false},"excerpt":{"rendered":"<p>ARTICLE 1: PR\u00c9AMBULE \u00a0 La pr\u00e9sente politique de confidentialit\u00e9 a pour but d\u2019informer les utilisateurs du site: Sur la mani\u00e8re dont sont collect\u00e9es leurs donn\u00e9es personnelles. Sont consid\u00e9r\u00e9es comme des donn\u00e9es personnelles, toute information permettant d\u2019identifier un utilisateur. A ce titre, il peut s\u2019agir : de ses noms et pr\u00e9noms, de son \u00e2ge, de son [&hellip;]<\/p>\n","protected":false},"author":1,"featured_media":0,"parent":0,"menu_order":0,"comment_status":"closed","ping_status":"closed","template":"","meta":{"footnotes":""},"class_list":["post-301","page","type-page","status-publish","hentry"],"_links":{"self":[{"href":"https:\/\/samyloc.re\/index.php\/wp-json\/wp\/v2\/pages\/301"}],"collection":[{"href":"https:\/\/samyloc.re\/index.php\/wp-json\/wp\/v2\/pages"}],"about":[{"href":"https:\/\/samyloc.re\/index.php\/wp-json\/wp\/v2\/types\/page"}],"author":[{"embeddable":true,"href":"https:\/\/samyloc.re\/index.php\/wp-json\/wp\/v2\/users\/1"}],"replies":[{"embeddable":true,"href":"https:\/\/samyloc.re\/index.php\/wp-json\/wp\/v2\/comments?post=301"}],"version-history":[{"count":18,"href":"https:\/\/samyloc.re\/index.php\/wp-json\/wp\/v2\/pages\/301\/revisions"}],"predecessor-version":[{"id":375,"href":"https:\/\/samyloc.re\/index.php\/wp-json\/wp\/v2\/pages\/301\/revisions\/375"}],"wp:attachment":[{"href":"https:\/\/samyloc.re\/index.php\/wp-json\/wp\/v2\/media?parent=301"}],"curies":[{"name":"wp","href":"https:\/\/api.w.org\/{rel}","templated":true}]}}